{"id":43560,"date":"2025-09-23T21:20:32","date_gmt":"2025-09-23T19:20:32","guid":{"rendered":"https:\/\/www.haus-bethanien.ch\/evenement\/wandern-und-beten-junge-erwachsene-2026\/"},"modified":"2026-01-28T17:38:48","modified_gmt":"2026-01-28T16:38:48","slug":"wandern-und-beten-junge-erwachsene-2026","status":"publish","type":"proposition","link":"https:\/\/www.haus-bethanien.ch\/de\/vorschlag\/wandern-und-beten-junge-erwachsene-2026\/","title":{"rendered":"Wandern und Beten Junge Erwachsene"},"content":{"rendered":"\n<h2 class=\"wp-block-heading\" id=\"block-c68c2d74-c2c3-4958-85fd-d5ae4e4b2b28\">PROGRAMM<\/h2>\n\n\n\n<p class=\"has-normal-font-size\"><strong><strong>Schweizer Alpen &#8211; Glaubenserfahrung &#8211; Mit anderen Augen schauen<\/strong><\/strong><\/p>\n\n\n\n<p class=\"has-normal-font-size\"><strong><strong>Schritt f\u00fcr Schritt, mit der Bibel und Laudato si&#8216;,<\/strong><\/strong><br><strong><strong>die Sch\u00f6pfung in einem grandiosen Bergpanorama erfahren<\/strong>!<\/strong><\/p>\n\n\n\n<p class=\"has-normal-font-size\">In den Bergen lernt man sich durch die Anstrengung des Wanderns besser kennen. Man lernt aufzutanken, f\u00fcr die anderen offen zu sein und Freundschaft mit Gott zu schliessen.<\/p>\n\n\n\n<p class=\"has-normal-font-size\">Gipfel, Bergh\u00fctten, B\u00e4ume, Wasserf\u00e4lle, Blumen und die Stille der Gletscher sind Zeichen der N\u00e4he Gottes. Die Alpen verweisen auf irdische Grenzen und spenden Kraft, Heilung, Lebensmut und Zuversicht. Begeisternde und unvergessliche Wanderwege in der Gegenwart Gottes zu verbringen, sind unser erkl\u00e4rtes Ziel.<\/p>\n\n\n\n<p class=\"has-normal-font-size\"><strong>&#8222;Praise be to you, my Lord!&#8220;<\/strong><\/p>\n\n\n\n<p class=\"has-normal-font-size\">Themen der Enzyklika von Papst Franziskus &#8222;Laudato si&#8220; werden uns auf diesem Weg begleiten.<\/p>\n\n\n\n<p class=\"has-normal-font-size\">Jeweils vom Abend bis zum n\u00e4chsten Mittag sind wir in Stille. T\u00e4glich sind wir 5 bis 6 Stunden unterwegs und bew\u00e4ltigen 500 bis 800 H\u00f6henmeter.<\/p>\n\n\n\n<h2 class=\"wp-block-heading\" id=\"block-596c14dd-519e-4762-8046-0f9047d02da3\">DATEN<\/h2>\n\n\n\n<p class=\"has-normal-font-size\" id=\"block-e1660660-f637-45df-ba5d-c0d1699be302\">vom Sonntag, 2. August um 15 Uhr bis Samstag, 8. August 2026 um 11 Uhr<\/p>\n\n\n\n<h2 class=\"wp-block-heading\" id=\"block-86430094-b1ba-48c6-ba8d-f18d7d4d5bb6\">FINANZEN<\/h2>\n\n\n\n<p class=\"has-normal-font-size\" id=\"block-9afbff2a-105d-4aff-918c-5fa7f471280f\">Zwischen 610 und 870 CHF je nach M\u00f6glichkeiten der Beteiligten (ausser eventuellen Luftseilbahnen)<\/p>\n\n\n\n<p class=\"has-normal-font-size\" id=\"block-30af263a-fb0a-432f-9a84-41cd3d4247c7\"><em><em><em>Die Preisspanne soll jedem erm\u00f6glichen, das zu geben, was er kann.&nbsp;<em>Geld soll kein Hinderungsgrund sein<\/em>.<\/em><\/em><\/em><\/p>\n\n\n\n<h2 class=\"wp-block-heading\" id=\"block-660e6ac9-133a-46cf-aa8d-a4d7cb391b03\">ORT<\/h2>\n\n\n\n<p class=\"has-normal-font-size\">G\u00e4stehaus Kloster Bethanien<br>CH-6066 St. Niklausen (OW)<\/p>\n\n\n\n<p class=\"has-normal-font-size\" id=\"block-db26dda8-c007-4776-8c6e-7d41896d7099\">Das G\u00e4stehaus Kloster Bethanien liegt in St. Niklausen im Kanton Obwalden, auf 800m H\u00f6he, mit herrlicher Aussicht auf den Sarnersee und die Obwaldner Berge.<\/p>\n\n\n\n<p class=\"has-normal-font-size\">Wir werden dort w\u00e4hrend unseres Aufenthaltes bleiben. Fr\u00fchst\u00fcck und Abendessen werden im Panoramarestaurant mit herrlichem Blick auf den See und die Berge eingenommen; das Mittagessen wird als Picknick w\u00e4hrend den Wanderungen angeboten.<\/p>\n\n\n\n<figure class=\"wp-block-image\" id=\"block-a59c36c1-80e7-465d-b06f-735a63439495\"><img decoding=\"async\" src=\"https:\/\/www.chemin-neuf.ch\/wp-content\/uploads\/2021\/02\/PlanBethanien-1.png\" alt=\"This image has an empty alt attribute; its file name is PlanBethanien-1.png\"\/><\/figure>\n\n\n\n<p class=\"has-normal-font-size\" id=\"block-8f51e848-0306-4314-8a32-7286e1fa8375\"><strong>Transport<\/strong>:<br>Mit dem Auto: Autobahn A8 bis Sarnen-Nord, weiter Richtung Kerns-Melchtal, in St. Niklausen beim Restaurant Alpenblick links abbiegen und die Ausschilderung Bethanien folgen.<\/p>\n\n\n\n<p class=\"has-normal-font-size\" id=\"block-14057873-95ee-4f7d-8023-f79b707359d4\">Mit dem Zug: von Luzern nach Sarnen. Ab dort mit dem Postauto &#8222;Melchtal-St\u00f6ckalp&#8220; bis St. Niklausen, Haltestelle &#8222;alte Post&#8220;. Von da f\u00fchrt ein kleiner Weg in 5 Minuten zu Fuss zum G\u00e4stehaus Bethanien.<\/p>\n\n\n\n<div class=\"wp-block-buttons is-horizontal is-content-justification-center is-layout-flex wp-container-core-buttons-is-layout-499968f5 wp-block-buttons-is-layout-flex\">\n<div class=\"wp-block-button is-style-fill\"><a class=\"wp-block-button__link has-orange-background-color has-background no-border-radius wp-element-button\" href=\"https:\/\/www.haus-bethanien.ch\/de\/startseite\" target=\"_blank\" rel=\"noreferrer noopener\">Das G\u00e4sfehaus Kloster Bethanien kennenlernen (hier die website)<\/a><\/div>\n\n\n\n<div class=\"wp-block-button\"><a class=\"wp-block-button__link has-orange-background-color has-background no-border-radius wp-element-button\" href=\"https:\/\/www.google.com\/maps\/place\/Bethanienstrasse+3,+6066+Kerns\/@46.8798651,8.2110962,12z\/data=!4m5!3m4!1s0x478ff39ea5bb5d71:0xf7e483c2a32b3a50!8m2!3d46.8798651!4d8.281134\" target=\"_blank\" rel=\"noreferrer noopener\">Anfahrtsplan<\/a><\/div>\n<\/div>\n","protected":false},"excerpt":{"rendered":"<p>erlebe eine Zeit der Einkehr und des Wandern<\/p>\n","protected":false},"featured_media":44600,"menu_order":0,"template":"","meta":{"_acf_changed":false,"footnotes":""},"prop-category":[25],"prop-duration":[],"class_list":["post-43560","proposition","type-proposition","status-publish","has-post-thumbnail","hentry","prop-category-junge-erwachsene"],"acf":[],"yoast_head":"<!-- This site is optimized with the Yoast SEO plugin v27.5 - https:\/\/yoast.com\/product\/yoast-seo-wordpress\/ -->\n<title>Wandern und Beten Junge Erwachsene - Bethanien<\/title>\n<meta name=\"description\" content=\"erlebe eine Zeit der Einkehr und des Wandern\" \/>\n<meta name=\"robots\" content=\"index, follow, max-snippet:-1, max-image-preview:large, max-video-preview:-1\" \/>\n<link rel=\"canonical\" href=\"https:\/\/www.haus-bethanien.ch\/de\/vorschlag\/wandern-und-beten-junge-erwachsene-2026\/\" \/>\n<meta property=\"og:locale\" content=\"de_DE\" \/>\n<meta property=\"og:type\" content=\"article\" \/>\n<meta property=\"og:title\" content=\"Wandern und Beten Junge Erwachsene - Bethanien\" \/>\n<meta property=\"og:description\" content=\"erlebe eine Zeit der Einkehr und des Wandern\" \/>\n<meta property=\"og:url\" content=\"https:\/\/www.haus-bethanien.ch\/de\/vorschlag\/wandern-und-beten-junge-erwachsene-2026\/\" \/>\n<meta property=\"og:site_name\" content=\"Bethanien\" \/>\n<meta property=\"article:modified_time\" content=\"2026-01-28T16:38:48+00:00\" \/>\n<meta property=\"og:image\" content=\"https:\/\/www.haus-bethanien.ch\/wp-content\/uploads\/2025\/09\/httpswww.chemin-neuf.chwp-contentuploads202509PriereMontagne-1.jpeg\" \/>\n\t<meta property=\"og:image:width\" content=\"1280\" \/>\n\t<meta property=\"og:image:height\" content=\"721\" \/>\n\t<meta property=\"og:image:type\" content=\"image\/jpeg\" \/>\n<meta name=\"twitter:card\" content=\"summary_large_image\" \/>\n<meta name=\"twitter:label1\" content=\"Gesch\u00e4tzte Lesezeit\" \/>\n\t<meta name=\"twitter:data1\" content=\"2\u00a0Minuten\" \/>\n<script type=\"application\/ld+json\" class=\"yoast-schema-graph\">{\"@context\":\"https:\\\/\\\/schema.org\",\"@graph\":[{\"@type\":\"WebPage\",\"@id\":\"https:\\\/\\\/www.haus-bethanien.ch\\\/de\\\/vorschlag\\\/wandern-und-beten-junge-erwachsene-2026\\\/\",\"url\":\"https:\\\/\\\/www.haus-bethanien.ch\\\/de\\\/vorschlag\\\/wandern-und-beten-junge-erwachsene-2026\\\/\",\"name\":\"Wandern und Beten Junge Erwachsene - Bethanien\",\"isPartOf\":{\"@id\":\"https:\\\/\\\/www.haus-bethanien.ch\\\/de\\\/#website\"},\"primaryImageOfPage\":{\"@id\":\"https:\\\/\\\/www.haus-bethanien.ch\\\/de\\\/vorschlag\\\/wandern-und-beten-junge-erwachsene-2026\\\/#primaryimage\"},\"image\":{\"@id\":\"https:\\\/\\\/www.haus-bethanien.ch\\\/de\\\/vorschlag\\\/wandern-und-beten-junge-erwachsene-2026\\\/#primaryimage\"},\"thumbnailUrl\":\"https:\\\/\\\/www.haus-bethanien.ch\\\/wp-content\\\/uploads\\\/2025\\\/09\\\/httpswww.chemin-neuf.chwp-contentuploads2025092025.09.15-Melchsee-Frutt-24-1-1.jpg\",\"datePublished\":\"2025-09-23T19:20:32+00:00\",\"dateModified\":\"2026-01-28T16:38:48+00:00\",\"description\":\"erlebe eine Zeit der Einkehr und des Wandern\",\"breadcrumb\":{\"@id\":\"https:\\\/\\\/www.haus-bethanien.ch\\\/de\\\/vorschlag\\\/wandern-und-beten-junge-erwachsene-2026\\\/#breadcrumb\"},\"inLanguage\":\"de\",\"potentialAction\":[{\"@type\":\"ReadAction\",\"target\":[\"https:\\\/\\\/www.haus-bethanien.ch\\\/de\\\/vorschlag\\\/wandern-und-beten-junge-erwachsene-2026\\\/\"]}]},{\"@type\":\"ImageObject\",\"inLanguage\":\"de\",\"@id\":\"https:\\\/\\\/www.haus-bethanien.ch\\\/de\\\/vorschlag\\\/wandern-und-beten-junge-erwachsene-2026\\\/#primaryimage\",\"url\":\"https:\\\/\\\/www.haus-bethanien.ch\\\/wp-content\\\/uploads\\\/2025\\\/09\\\/httpswww.chemin-neuf.chwp-contentuploads2025092025.09.15-Melchsee-Frutt-24-1-1.jpg\",\"contentUrl\":\"https:\\\/\\\/www.haus-bethanien.ch\\\/wp-content\\\/uploads\\\/2025\\\/09\\\/httpswww.chemin-neuf.chwp-contentuploads2025092025.09.15-Melchsee-Frutt-24-1-1.jpg\",\"width\":2000,\"height\":1334},{\"@type\":\"BreadcrumbList\",\"@id\":\"https:\\\/\\\/www.haus-bethanien.ch\\\/de\\\/vorschlag\\\/wandern-und-beten-junge-erwachsene-2026\\\/#breadcrumb\",\"itemListElement\":[{\"@type\":\"ListItem\",\"position\":1,\"name\":\"Home\",\"item\":\"https:\\\/\\\/www.haus-bethanien.ch\\\/de\\\/\"},{\"@type\":\"ListItem\",\"position\":2,\"name\":\"Vorschl\u00e4ge\",\"item\":\"https:\\\/\\\/www.haus-bethanien.ch\\\/de\\\/vorschlag\\\/\"},{\"@type\":\"ListItem\",\"position\":3,\"name\":\"Wandern und Beten Junge Erwachsene\"}]},{\"@type\":\"WebSite\",\"@id\":\"https:\\\/\\\/www.haus-bethanien.ch\\\/de\\\/#website\",\"url\":\"https:\\\/\\\/www.haus-bethanien.ch\\\/de\\\/\",\"name\":\"Bethanien\",\"description\":\"Gastehaus Kloster Bethanien\",\"potentialAction\":[{\"@type\":\"SearchAction\",\"target\":{\"@type\":\"EntryPoint\",\"urlTemplate\":\"https:\\\/\\\/www.haus-bethanien.ch\\\/de\\\/?s={search_term_string}\"},\"query-input\":{\"@type\":\"PropertyValueSpecification\",\"valueRequired\":true,\"valueName\":\"search_term_string\"}}],\"inLanguage\":\"de\"}]}<\/script>\n<!-- \/ Yoast SEO plugin. -->","yoast_head_json":{"title":"Wandern und Beten Junge Erwachsene - Bethanien","description":"erlebe eine Zeit der Einkehr und des Wandern","robots":{"index":"index","follow":"follow","max-snippet":"max-snippet:-1","max-image-preview":"max-image-preview:large","max-video-preview":"max-video-preview:-1"},"canonical":"https:\/\/www.haus-bethanien.ch\/de\/vorschlag\/wandern-und-beten-junge-erwachsene-2026\/","og_locale":"de_DE","og_type":"article","og_title":"Wandern und Beten Junge Erwachsene - Bethanien","og_description":"erlebe eine Zeit der Einkehr und des Wandern","og_url":"https:\/\/www.haus-bethanien.ch\/de\/vorschlag\/wandern-und-beten-junge-erwachsene-2026\/","og_site_name":"Bethanien","article_modified_time":"2026-01-28T16:38:48+00:00","og_image":[{"width":1280,"height":721,"url":"https:\/\/www.haus-bethanien.ch\/wp-content\/uploads\/2025\/09\/httpswww.chemin-neuf.chwp-contentuploads202509PriereMontagne-1.jpeg","type":"image\/jpeg"}],"twitter_card":"summary_large_image","twitter_misc":{"Gesch\u00e4tzte Lesezeit":"2\u00a0Minuten"},"schema":{"@context":"https:\/\/schema.org","@graph":[{"@type":"WebPage","@id":"https:\/\/www.haus-bethanien.ch\/de\/vorschlag\/wandern-und-beten-junge-erwachsene-2026\/","url":"https:\/\/www.haus-bethanien.ch\/de\/vorschlag\/wandern-und-beten-junge-erwachsene-2026\/","name":"Wandern und Beten Junge Erwachsene - Bethanien","isPartOf":{"@id":"https:\/\/www.haus-bethanien.ch\/de\/#website"},"primaryImageOfPage":{"@id":"https:\/\/www.haus-bethanien.ch\/de\/vorschlag\/wandern-und-beten-junge-erwachsene-2026\/#primaryimage"},"image":{"@id":"https:\/\/www.haus-bethanien.ch\/de\/vorschlag\/wandern-und-beten-junge-erwachsene-2026\/#primaryimage"},"thumbnailUrl":"https:\/\/www.haus-bethanien.ch\/wp-content\/uploads\/2025\/09\/httpswww.chemin-neuf.chwp-contentuploads2025092025.09.15-Melchsee-Frutt-24-1-1.jpg","datePublished":"2025-09-23T19:20:32+00:00","dateModified":"2026-01-28T16:38:48+00:00","description":"erlebe eine Zeit der Einkehr und des Wandern","breadcrumb":{"@id":"https:\/\/www.haus-bethanien.ch\/de\/vorschlag\/wandern-und-beten-junge-erwachsene-2026\/#breadcrumb"},"inLanguage":"de","potentialAction":[{"@type":"ReadAction","target":["https:\/\/www.haus-bethanien.ch\/de\/vorschlag\/wandern-und-beten-junge-erwachsene-2026\/"]}]},{"@type":"ImageObject","inLanguage":"de","@id":"https:\/\/www.haus-bethanien.ch\/de\/vorschlag\/wandern-und-beten-junge-erwachsene-2026\/#primaryimage","url":"https:\/\/www.haus-bethanien.ch\/wp-content\/uploads\/2025\/09\/httpswww.chemin-neuf.chwp-contentuploads2025092025.09.15-Melchsee-Frutt-24-1-1.jpg","contentUrl":"https:\/\/www.haus-bethanien.ch\/wp-content\/uploads\/2025\/09\/httpswww.chemin-neuf.chwp-contentuploads2025092025.09.15-Melchsee-Frutt-24-1-1.jpg","width":2000,"height":1334},{"@type":"BreadcrumbList","@id":"https:\/\/www.haus-bethanien.ch\/de\/vorschlag\/wandern-und-beten-junge-erwachsene-2026\/#breadcrumb","itemListElement":[{"@type":"ListItem","position":1,"name":"Home","item":"https:\/\/www.haus-bethanien.ch\/de\/"},{"@type":"ListItem","position":2,"name":"Vorschl\u00e4ge","item":"https:\/\/www.haus-bethanien.ch\/de\/vorschlag\/"},{"@type":"ListItem","position":3,"name":"Wandern und Beten Junge Erwachsene"}]},{"@type":"WebSite","@id":"https:\/\/www.haus-bethanien.ch\/de\/#website","url":"https:\/\/www.haus-bethanien.ch\/de\/","name":"Bethanien","description":"Gastehaus Kloster Bethanien","potentialAction":[{"@type":"SearchAction","target":{"@type":"EntryPoint","urlTemplate":"https:\/\/www.haus-bethanien.ch\/de\/?s={search_term_string}"},"query-input":{"@type":"PropertyValueSpecification","valueRequired":true,"valueName":"search_term_string"}}],"inLanguage":"de"}]}},"_links":{"self":[{"href":"https:\/\/www.haus-bethanien.ch\/de\/wp-json\/wp\/v2\/proposition\/43560","targetHints":{"allow":["GET"]}}],"collection":[{"href":"https:\/\/www.haus-bethanien.ch\/de\/wp-json\/wp\/v2\/proposition"}],"about":[{"href":"https:\/\/www.haus-bethanien.ch\/de\/wp-json\/wp\/v2\/types\/proposition"}],"version-history":[{"count":1,"href":"https:\/\/www.haus-bethanien.ch\/de\/wp-json\/wp\/v2\/proposition\/43560\/revisions"}],"predecessor-version":[{"id":43561,"href":"https:\/\/www.haus-bethanien.ch\/de\/wp-json\/wp\/v2\/proposition\/43560\/revisions\/43561"}],"wp:featuredmedia":[{"embeddable":true,"href":"https:\/\/www.haus-bethanien.ch\/de\/wp-json\/wp\/v2\/media\/44600"}],"wp:attachment":[{"href":"https:\/\/www.haus-bethanien.ch\/de\/wp-json\/wp\/v2\/media?parent=43560"}],"wp:term":[{"taxonomy":"prop-category","embeddable":true,"href":"https:\/\/www.haus-bethanien.ch\/de\/wp-json\/wp\/v2\/prop-category?post=43560"},{"taxonomy":"prop-duration","embeddable":true,"href":"https:\/\/www.haus-bethanien.ch\/de\/wp-json\/wp\/v2\/prop-duration?post=43560"}],"curies":[{"name":"wp","href":"https:\/\/api.w.org\/{rel}","templated":true}]}}