{"id":3377,"date":"2021-04-09T15:48:28","date_gmt":"2021-04-09T13:48:28","guid":{"rendered":"https:\/\/next.chemin-neuf.ch\/?page_id=3377"},"modified":"2021-04-17T17:15:58","modified_gmt":"2021-04-17T15:15:58","slug":"unsichtbares-kloster","status":"publish","type":"page","link":"https:\/\/www.haus-bethanien.ch\/de\/unsichtbares-kloster\/","title":{"rendered":"Unsichtbares Kloster"},"content":{"rendered":"\n<h3 class=\"has-text-align-center has-orange-color has-text-color wp-block-heading\"><strong>Eine Vision,<br>eine Leidenschaft,<br>eine Mission !<\/strong><\/h3>\n\n\n\n<div class=\"wp-block-media-text alignwide is-stacked-on-mobile\"><figure class=\"wp-block-media-text__media\"><img decoding=\"async\" src=\"http:\/\/chemin-neuf.fr\/wp-content\/uploads\/2020\/10\/carre-office-unit\u00e9.jpg\" alt=\"\" class=\"wp-image-645 size-full\"\/><\/figure><div class=\"wp-block-media-text__content\">\n<h3 class=\"wp-block-heading\">Die Vision des \u201cUnsichtbares Klosters\u201c<\/h3>\n\n\n\n<p>Paul Couturier, franz\u00f6sischer Priester und Pionier der \u201cgeistlichen \u00d6kumene\u201d im Jahr 1944, hat eine Vision:<br><em>\u201cWenn sich an jedem Donnerstagabend, dem w\u00f6chentlichen Gedenktag des Gr\u00fcndonnerstags, eine immer gr\u00f6\u00dfer werdende Gemeinschaft von Christen aller Konfessionen wie ein unermessliches, die Erde umspannendes Netz bilden w\u00fcrde, wie ein riesiges, unsichtbares Kloster, in dem alle im Gebet Christi f\u00fcr die Einheit vereint w\u00e4ren, w\u00e4re das nicht der Anbruch eines neuen Morgens der Einheit der Christen, der sich \u00fcber die Welt erheben w\u00fcrde? W\u00e4re das nicht die Haltung eines ernsthaften, tiefen, brennenden geistlichen Aufbruchs, auf den der Vater wartet, um die sichtbare Einheit des Leibes der Kirche herbeizuf\u00fchren, um alle Wunder zu vollbringen, die notwendig sind, um in seiner sichtbaren Kirche alle zusammenzubringen, die ihn lieben und die sichtbar mit dem Siegel der Taufe gekennzeichnet sind?\u201d<\/em><\/p>\n<\/div><\/div>\n\n\n\n<div class=\"wp-block-media-text alignwide has-media-on-the-right is-stacked-on-mobile\"><figure class=\"wp-block-media-text__media\"><img decoding=\"async\" src=\"http:\/\/chemin-neuf.fr\/wp-content\/uploads\/2020\/12\/carre-MJ-christ.jpg\" alt=\"\" class=\"wp-image-3176 size-full\"\/><\/figure><div class=\"wp-block-media-text__content\">\n<h3 class=\"wp-block-heading\">Die Mission \u201eNet for God\u201c<\/h3>\n\n\n\n<p>Aus dieser Vision heraus hat sich \u201eNet for God\u201c seit dem Jahr 2000 zu einem riesigen weltweiten Netzwerk entwickelt:<br><strong>GEBETS-NETZWERK<\/strong>&nbsp;f\u00fcr Einheit und Frieden zwischen L\u00e4ndern, Kulturen und christlichen Konfessionen. Jeden Donnerstagabend kommen die Mitglieder des Netzwerks \u201eNet for God\u201c zusammen, um f\u00fcr die Einheit der Christen zu beten.<br><strong>SCHULUNGS-NETZWERK<\/strong><br>Jeden Monat greift ein Film ein aktuelles Thema der Einheit auf und gibt Zeugnis von Gottes Liebe, die in der Welt wirkt.<br><strong>EVANGELISATIONS-NETZWERK<\/strong><br>Mitglieder aus verschiedensten christlichen Kirchen verk\u00fcnden das Evangelium gemeinsam und arbeiten f\u00fcr die Einheit, um das Kommen des Reiches Gottes auf Erden zu beschleunigen.<\/p>\n<\/div><\/div>\n\n\n\n<div class=\"wp-block-media-text alignwide is-stacked-on-mobile\"><figure class=\"wp-block-media-text__media\"><img decoding=\"async\" src=\"http:\/\/chemin-neuf.fr\/wp-content\/uploads\/2021\/01\/carre-equipe-nfg.jpg\" alt=\"\" class=\"wp-image-4853 size-full\"\/><\/figure><div class=\"wp-block-media-text__content\">\n<h3 class=\"wp-block-heading\">Ein Team im Einsatz<\/h3>\n\n\n\n<p>Um dieses Netzwerk zu weben und zu beleben, beten und arbeiten Br\u00fcder und Schwestern der Gemeinschaft gemeinsam im ImaGO-Haus in Villeneuve d\u2019Ascq (Lille, Frankreich). Das Team von \u201eNet for God\u201c wird bei seinen Projekten von \u201eNeuf Media\u201c, der Videoproduktionswerkstatt der Gemeinschaft Chemin Neuf, begleitet. Au\u00dferdem findet eine Mediaschool statt, in der jedes Jahr junge Menschen aus verschiedenen L\u00e4ndern und Kirchen vor Ort gemeinsam lernen, um sich zu \u201cWeb-Missionaren\u201d ausbilden zu lassen.<br>Die \u201eNet for God\u201c-Mission wird von vielen Freiwilligen und Spendern unterst\u00fctzt, die es ihr erm\u00f6glichen, ihre verschiedenen Evangelisierungsprojekte durchzuf\u00fchren.<\/p>\n\n\n\n<div class=\"wp-block-buttons is-content-justification-center is-layout-flex wp-block-buttons-is-layout-flex\">\n<div class=\"wp-block-button\"><a class=\"wp-block-button__link no-border-radius\" href=\"https:\/\/www.netforgod.tv\/de\/home\/mediaschool\" target=\"_blank\" rel=\"noreferrer noopener\">MEDIA SCHOOL<\/a><\/div>\n\n\n\n<div class=\"wp-block-button\"><a class=\"wp-block-button__link no-border-radius\" href=\"https:\/\/chemin-neuf.fr\/lieu\/maison-imago\/\" target=\"_blank\" rel=\"noreferrer noopener\">Maison ImaGO (franz\u00f6sisch)<\/a><\/div>\n\n\n\n<div class=\"wp-block-button\"><a class=\"wp-block-button__link no-border-radius\" href=\"https:\/\/www.neuf.media\/fr\/\" target=\"_blank\" rel=\"noreferrer noopener\">Neuf Media (englisch)<\/a><\/div>\n<\/div>\n<\/div><\/div>\n\n\n\n<div class=\"wp-block-media-text alignwide has-media-on-the-right is-stacked-on-mobile is-image-fill\"><figure class=\"wp-block-media-text__media\" style=\"background-image:url(http:\/\/chemin-neuf.fr\/wp-content\/uploads\/2020\/12\/370x600-parole-de-Dieu.jpg);background-position:50% 50%\"><img decoding=\"async\" src=\"http:\/\/chemin-neuf.fr\/wp-content\/uploads\/2020\/12\/370x600-parole-de-Dieu.jpg\" alt=\"\" class=\"wp-image-3181 size-full\"\/><\/figure><div class=\"wp-block-media-text__content\">\n<h5 class=\"wp-block-heading\"><strong><strong>DIE LEIDENSCHAFT F\u00dcR DIE EINHEIT<\/strong><br><\/strong>BETEN SIE F\u00dcR DIE EINHEIT DER CHRISTEN MIT DER GEMEINSCHAFT<\/h5>\n\n\n\n<p>Jeden Donnerstagabend k\u00f6nnen Sie sich der Gemeinschaft anschliessen und mit Quellentexten aus verschiedenen christlichen Traditionen und mit Anliegen f\u00fcr Einheit und Vers\u00f6hnung in der Welt beten..<\/p>\n\n\n\n<div class=\"wp-block-buttons is-content-justification-center is-layout-flex wp-block-buttons-is-layout-flex\">\n<div class=\"wp-block-button\"><a class=\"wp-block-button__link no-border-radius\" href=\"https:\/\/directs.chemin-neuf.fr\/\" target=\"_blank\" rel=\"noreferrer noopener\">Nehmt teil an den Gebetszeiten der Gemeinschaft in Frankreich (online)<\/a><\/div>\n\n\n\n<div class=\"wp-block-button\"><a class=\"wp-block-button__link no-border-radius\" href=\"https:\/\/chemin-neuf.fr\/monastere-invisible\/reseau-de-priere\/\" target=\"_blank\" rel=\"noreferrer noopener\">Texte der Gebetszeiten f\u00fcr die Einheit<br>(vorerst franz\u00f6sich)<\/a><\/div>\n<\/div>\n<\/div><\/div>\n\n\n\n<div class=\"wp-block-media-text alignwide is-stacked-on-mobile is-image-fill\"><figure class=\"wp-block-media-text__media\" style=\"background-image:url(http:\/\/chemin-neuf.fr\/wp-content\/uploads\/2020\/12\/370x600-carre-MJ-parole.jpg);background-position:50% 50%\"><img decoding=\"async\" src=\"http:\/\/chemin-neuf.fr\/wp-content\/uploads\/2020\/12\/370x600-carre-MJ-parole.jpg\" alt=\"\" class=\"wp-image-3166 size-full\"\/><\/figure><div class=\"wp-block-media-text__content\">\n<h5 class=\"wp-block-heading\"><strong><strong>LEIDENSCHAFT F\u00dcR DIE EINHEIT<br><\/strong>CHRISTLICHE SCHULUNG UND FILME<\/strong><\/h5>\n\n\n\n<p>Die Filme von \u201eNet for God\u201c helfen, im Gebet und im Engagement f\u00fcr die Einheit zu wachsen und sich \u00fcber aktuelle Themen in Kirchen und Welt zu informieren. Beispiele f\u00fcr Themen: CARLO ACUTIS | SIZILIEN, ORT DER AUFNAHME | IRENEUS VON LYON | DIE M\u00c4RTYRER VON ALGERIEN | MARTIN LUTHER KING | CHURCH PLANTING | HRANT DINK | STRASSEN DER HOFFNUNG\u2026<\/p>\n\n\n\n<div class=\"wp-block-buttons is-content-justification-right is-layout-flex wp-block-buttons-is-layout-flex\">\n<div class=\"wp-block-button\"><a class=\"wp-block-button__link no-border-radius\" href=\"https:\/\/www.youtube.com\/playlist?list=PLQplzPsSqWikhk4LI8FzhLg5ghSeGEPUK\" target=\"_blank\" rel=\"noreferrer noopener\">Ansehen<\/a><\/div>\n<\/div>\n<\/div><\/div>\n\n\n\n<div class=\"wp-block-media-text alignwide has-media-on-the-right is-stacked-on-mobile is-image-fill\"><figure class=\"wp-block-media-text__media\" style=\"background-image:url(http:\/\/chemin-neuf.fr\/wp-content\/uploads\/2020\/12\/370x600-pri\u00e8re-des-fr\u00e8res.jpg);background-position:50% 50%\"><img decoding=\"async\" src=\"http:\/\/chemin-neuf.fr\/wp-content\/uploads\/2020\/12\/370x600-pri\u00e8re-des-fr\u00e8res.jpg\" alt=\"\" class=\"wp-image-3184 size-full\"\/><\/figure><div class=\"wp-block-media-text__content\">\n<h5 class=\"wp-block-heading\"><strong><strong>DIE LEIDENSCHAFT f\u00dcR DIE EINHEIT<br><\/strong>EINER \u201eNET FOR GOD\u201c- GRUPPE BEITRETEN<\/strong><\/h5>\n\n\n\n<p>Zum \u201eNET FOR GOD\u201c-Netzwerk geh\u00f6ren auch viele Gruppen auf der ganzen Welt \u2013 \u00fcber 700 NET POINTS \u2013 wo sich Menschen jeden Monat treffen, um den Film des Monats zu sehen, sich auszutauschen und gemeinsam zu beten.<\/p>\n\n\n\n<div class=\"wp-block-buttons is-content-justification-center is-layout-flex wp-block-buttons-is-layout-flex\">\n<div class=\"wp-block-button\"><a class=\"wp-block-button__link no-border-radius\" href=\"https:\/\/www.netforgod.tv\/de\/home\/netzwerk\" target=\"_blank\" rel=\"noreferrer noopener\">Finden Sie eine Net for God Gruppe in Ihrer N\u00e4he<\/a><\/div>\n<\/div>\n\n\n\n<div class=\"wp-block-buttons is-content-justification-center is-layout-flex wp-block-buttons-is-layout-flex\">\n<div class=\"wp-block-button\"><a class=\"wp-block-button__link no-border-radius\" href=\"https:\/\/www.haus-bethanien.ch\/de\/angebote\/net-for-god\/\" target=\"_blank\" rel=\"noreferrer noopener\">Net for God Gruppen in der Schweiz<\/a><\/div>\n<\/div>\n\n\n\n<p><\/p>\n<\/div><\/div>\n\n\n\n<p><\/p>\n","protected":false},"excerpt":{"rendered":"<p>Eine Vision,eine Leidenschaft,eine Mission ! Die Vision des \u201cUnsichtbares Klosters\u201c Paul Couturier, franz\u00f6sischer Priester und Pionier der \u201cgeistlichen \u00d6kumene\u201d im Jahr 1944, hat eine Vision:\u201cWenn sich an jedem Donnerstagabend, dem w\u00f6chentlichen Gedenktag des Gr\u00fcndonnerstags, eine immer gr\u00f6\u00dfer werdende Gemeinschaft von Christen aller Konfessionen wie ein unermessliches, die Erde umspannendes Netz bilden w\u00fcrde, wie ein riesiges, [&hellip;]<\/p>\n","protected":false},"author":6,"featured_media":3379,"parent":0,"menu_order":8,"comment_status":"closed","ping_status":"closed","template":"","meta":{"_acf_changed":false,"footnotes":""},"class_list":["post-3377","page","type-page","status-publish","has-post-thumbnail","hentry"],"acf":[],"yoast_head":"<!-- This site is optimized with the Yoast SEO plugin v27.5 - https:\/\/yoast.com\/product\/yoast-seo-wordpress\/ -->\n<title>Unsichtbares Kloster - Bethanien<\/title>\n<meta name=\"description\" content=\"Eine Vision,eine Leidenschaft,eine Mission ! Die Vision des \u201cUnsichtbares Klosters\u201c Paul Couturier, franz\u00f6sischer Priester und Pionier der \u201cgeistlichen\" \/>\n<meta name=\"robots\" content=\"index, follow, max-snippet:-1, max-image-preview:large, max-video-preview:-1\" \/>\n<link rel=\"canonical\" href=\"https:\/\/www.haus-bethanien.ch\/de\/unsichtbares-kloster\/\" \/>\n<meta property=\"og:locale\" content=\"de_DE\" \/>\n<meta property=\"og:type\" content=\"article\" \/>\n<meta property=\"og:title\" content=\"Unsichtbares Kloster - Bethanien\" \/>\n<meta property=\"og:description\" content=\"Eine Vision,eine Leidenschaft,eine Mission ! Die Vision des \u201cUnsichtbares Klosters\u201c Paul Couturier, franz\u00f6sischer Priester und Pionier der \u201cgeistlichen\" \/>\n<meta property=\"og:url\" content=\"https:\/\/www.haus-bethanien.ch\/de\/unsichtbares-kloster\/\" \/>\n<meta property=\"og:site_name\" content=\"Bethanien\" \/>\n<meta property=\"article:modified_time\" content=\"2021-04-17T15:15:58+00:00\" \/>\n<meta property=\"og:image\" content=\"https:\/\/www.haus-bethanien.ch\/wp-content\/uploads\/2021\/03\/earth-NFG.jpg\" \/>\n\t<meta property=\"og:image:width\" content=\"1920\" \/>\n\t<meta property=\"og:image:height\" content=\"950\" \/>\n\t<meta property=\"og:image:type\" content=\"image\/jpeg\" \/>\n<meta name=\"twitter:card\" content=\"summary_large_image\" \/>\n<meta name=\"twitter:label1\" content=\"Gesch\u00e4tzte Lesezeit\" \/>\n\t<meta name=\"twitter:data1\" content=\"4\u00a0Minuten\" \/>\n<script type=\"application\/ld+json\" class=\"yoast-schema-graph\">{\"@context\":\"https:\\\/\\\/schema.org\",\"@graph\":[{\"@type\":\"WebPage\",\"@id\":\"https:\\\/\\\/www.haus-bethanien.ch\\\/de\\\/unsichtbares-kloster\\\/\",\"url\":\"https:\\\/\\\/www.haus-bethanien.ch\\\/de\\\/unsichtbares-kloster\\\/\",\"name\":\"Unsichtbares Kloster - Bethanien\",\"isPartOf\":{\"@id\":\"https:\\\/\\\/www.haus-bethanien.ch\\\/de\\\/#website\"},\"primaryImageOfPage\":{\"@id\":\"https:\\\/\\\/www.haus-bethanien.ch\\\/de\\\/unsichtbares-kloster\\\/#primaryimage\"},\"image\":{\"@id\":\"https:\\\/\\\/www.haus-bethanien.ch\\\/de\\\/unsichtbares-kloster\\\/#primaryimage\"},\"thumbnailUrl\":\"https:\\\/\\\/www.haus-bethanien.ch\\\/wp-content\\\/uploads\\\/2021\\\/03\\\/earth-NFG.jpg\",\"datePublished\":\"2021-04-09T13:48:28+00:00\",\"dateModified\":\"2021-04-17T15:15:58+00:00\",\"description\":\"Eine Vision,eine Leidenschaft,eine Mission ! Die Vision des \u201cUnsichtbares Klosters\u201c Paul Couturier, franz\u00f6sischer Priester und Pionier der \u201cgeistlichen\",\"breadcrumb\":{\"@id\":\"https:\\\/\\\/www.haus-bethanien.ch\\\/de\\\/unsichtbares-kloster\\\/#breadcrumb\"},\"inLanguage\":\"de\",\"potentialAction\":[{\"@type\":\"ReadAction\",\"target\":[\"https:\\\/\\\/www.haus-bethanien.ch\\\/de\\\/unsichtbares-kloster\\\/\"]}]},{\"@type\":\"ImageObject\",\"inLanguage\":\"de\",\"@id\":\"https:\\\/\\\/www.haus-bethanien.ch\\\/de\\\/unsichtbares-kloster\\\/#primaryimage\",\"url\":\"https:\\\/\\\/www.haus-bethanien.ch\\\/wp-content\\\/uploads\\\/2021\\\/03\\\/earth-NFG.jpg\",\"contentUrl\":\"https:\\\/\\\/www.haus-bethanien.ch\\\/wp-content\\\/uploads\\\/2021\\\/03\\\/earth-NFG.jpg\",\"width\":1920,\"height\":950},{\"@type\":\"BreadcrumbList\",\"@id\":\"https:\\\/\\\/www.haus-bethanien.ch\\\/de\\\/unsichtbares-kloster\\\/#breadcrumb\",\"itemListElement\":[{\"@type\":\"ListItem\",\"position\":1,\"name\":\"Home\",\"item\":\"https:\\\/\\\/www.haus-bethanien.ch\\\/de\\\/\"},{\"@type\":\"ListItem\",\"position\":2,\"name\":\"Unsichtbares Kloster\"}]},{\"@type\":\"WebSite\",\"@id\":\"https:\\\/\\\/www.haus-bethanien.ch\\\/de\\\/#website\",\"url\":\"https:\\\/\\\/www.haus-bethanien.ch\\\/de\\\/\",\"name\":\"Bethanien\",\"description\":\"Gastehaus Kloster Bethanien\",\"potentialAction\":[{\"@type\":\"SearchAction\",\"target\":{\"@type\":\"EntryPoint\",\"urlTemplate\":\"https:\\\/\\\/www.haus-bethanien.ch\\\/de\\\/?s={search_term_string}\"},\"query-input\":{\"@type\":\"PropertyValueSpecification\",\"valueRequired\":true,\"valueName\":\"search_term_string\"}}],\"inLanguage\":\"de\"}]}<\/script>\n<!-- \/ Yoast SEO plugin. -->","yoast_head_json":{"title":"Unsichtbares Kloster - Bethanien","description":"Eine Vision,eine Leidenschaft,eine Mission ! Die Vision des \u201cUnsichtbares Klosters\u201c Paul Couturier, franz\u00f6sischer Priester und Pionier der \u201cgeistlichen","robots":{"index":"index","follow":"follow","max-snippet":"max-snippet:-1","max-image-preview":"max-image-preview:large","max-video-preview":"max-video-preview:-1"},"canonical":"https:\/\/www.haus-bethanien.ch\/de\/unsichtbares-kloster\/","og_locale":"de_DE","og_type":"article","og_title":"Unsichtbares Kloster - Bethanien","og_description":"Eine Vision,eine Leidenschaft,eine Mission ! Die Vision des \u201cUnsichtbares Klosters\u201c Paul Couturier, franz\u00f6sischer Priester und Pionier der \u201cgeistlichen","og_url":"https:\/\/www.haus-bethanien.ch\/de\/unsichtbares-kloster\/","og_site_name":"Bethanien","article_modified_time":"2021-04-17T15:15:58+00:00","og_image":[{"width":1920,"height":950,"url":"https:\/\/www.haus-bethanien.ch\/wp-content\/uploads\/2021\/03\/earth-NFG.jpg","type":"image\/jpeg"}],"twitter_card":"summary_large_image","twitter_misc":{"Gesch\u00e4tzte Lesezeit":"4\u00a0Minuten"},"schema":{"@context":"https:\/\/schema.org","@graph":[{"@type":"WebPage","@id":"https:\/\/www.haus-bethanien.ch\/de\/unsichtbares-kloster\/","url":"https:\/\/www.haus-bethanien.ch\/de\/unsichtbares-kloster\/","name":"Unsichtbares Kloster - Bethanien","isPartOf":{"@id":"https:\/\/www.haus-bethanien.ch\/de\/#website"},"primaryImageOfPage":{"@id":"https:\/\/www.haus-bethanien.ch\/de\/unsichtbares-kloster\/#primaryimage"},"image":{"@id":"https:\/\/www.haus-bethanien.ch\/de\/unsichtbares-kloster\/#primaryimage"},"thumbnailUrl":"https:\/\/www.haus-bethanien.ch\/wp-content\/uploads\/2021\/03\/earth-NFG.jpg","datePublished":"2021-04-09T13:48:28+00:00","dateModified":"2021-04-17T15:15:58+00:00","description":"Eine Vision,eine Leidenschaft,eine Mission ! Die Vision des \u201cUnsichtbares Klosters\u201c Paul Couturier, franz\u00f6sischer Priester und Pionier der \u201cgeistlichen","breadcrumb":{"@id":"https:\/\/www.haus-bethanien.ch\/de\/unsichtbares-kloster\/#breadcrumb"},"inLanguage":"de","potentialAction":[{"@type":"ReadAction","target":["https:\/\/www.haus-bethanien.ch\/de\/unsichtbares-kloster\/"]}]},{"@type":"ImageObject","inLanguage":"de","@id":"https:\/\/www.haus-bethanien.ch\/de\/unsichtbares-kloster\/#primaryimage","url":"https:\/\/www.haus-bethanien.ch\/wp-content\/uploads\/2021\/03\/earth-NFG.jpg","contentUrl":"https:\/\/www.haus-bethanien.ch\/wp-content\/uploads\/2021\/03\/earth-NFG.jpg","width":1920,"height":950},{"@type":"BreadcrumbList","@id":"https:\/\/www.haus-bethanien.ch\/de\/unsichtbares-kloster\/#breadcrumb","itemListElement":[{"@type":"ListItem","position":1,"name":"Home","item":"https:\/\/www.haus-bethanien.ch\/de\/"},{"@type":"ListItem","position":2,"name":"Unsichtbares Kloster"}]},{"@type":"WebSite","@id":"https:\/\/www.haus-bethanien.ch\/de\/#website","url":"https:\/\/www.haus-bethanien.ch\/de\/","name":"Bethanien","description":"Gastehaus Kloster Bethanien","potentialAction":[{"@type":"SearchAction","target":{"@type":"EntryPoint","urlTemplate":"https:\/\/www.haus-bethanien.ch\/de\/?s={search_term_string}"},"query-input":{"@type":"PropertyValueSpecification","valueRequired":true,"valueName":"search_term_string"}}],"inLanguage":"de"}]}},"_links":{"self":[{"href":"https:\/\/www.haus-bethanien.ch\/de\/wp-json\/wp\/v2\/pages\/3377","targetHints":{"allow":["GET"]}}],"collection":[{"href":"https:\/\/www.haus-bethanien.ch\/de\/wp-json\/wp\/v2\/pages"}],"about":[{"href":"https:\/\/www.haus-bethanien.ch\/de\/wp-json\/wp\/v2\/types\/page"}],"author":[{"embeddable":true,"href":"https:\/\/www.haus-bethanien.ch\/de\/wp-json\/wp\/v2\/users\/6"}],"replies":[{"embeddable":true,"href":"https:\/\/www.haus-bethanien.ch\/de\/wp-json\/wp\/v2\/comments?post=3377"}],"version-history":[{"count":16,"href":"https:\/\/www.haus-bethanien.ch\/de\/wp-json\/wp\/v2\/pages\/3377\/revisions"}],"predecessor-version":[{"id":4422,"href":"https:\/\/www.haus-bethanien.ch\/de\/wp-json\/wp\/v2\/pages\/3377\/revisions\/4422"}],"wp:featuredmedia":[{"embeddable":true,"href":"https:\/\/www.haus-bethanien.ch\/de\/wp-json\/wp\/v2\/media\/3379"}],"wp:attachment":[{"href":"https:\/\/www.haus-bethanien.ch\/de\/wp-json\/wp\/v2\/media?parent=3377"}],"curies":[{"name":"wp","href":"https:\/\/api.w.org\/{rel}","templated":true}]}}